{"id":3,"date":"2022-08-09T09:35:27","date_gmt":"2022-08-09T07:35:27","guid":{"rendered":"https:\/\/luya.bio\/?page_id=3"},"modified":"2024-04-30T15:26:18","modified_gmt":"2024-04-30T13:26:18","slug":"data-protection-declaration","status":"publish","type":"page","link":"https:\/\/luya.bio\/en\/datenschutzerklaerung\/","title":{"rendered":"Privacy policy"},"content":{"rendered":"\n<div class=\"wp-block-group header-group\">\n<h2 class=\"wp-block-heading\">Datenschutzerkl\u00e4rung<\/h2>\n<\/div>\n\n\n<div class=\"faq__text w-richtext\">\n<div class=\"faq__text w-richtext\">\n<p>Mit dieser <strong>Datenschutzerkl\u00e4rung<\/strong> informieren wir, welche Personendaten wir im Zusammenhang mit unseren <strong>Aktivit\u00e4ten und T\u00e4tigkeiten<\/strong> einschliesslich unserer <strong>luya.bio-Website<\/strong> bearbeiten. Wir informieren insbesondere, wofu\u0308r, wie und wo wir welche Personendaten bearbeiten. Wir informieren ausserdem u\u0308ber die Rechte von Personen, deren Daten wir bearbeiten.<\/p>\n<p>Fu\u0308r einzelne oder zus\u00e4tzliche Aktivit\u00e4ten und T\u00e4tigkeiten k\u00f6nnen weitere Datenschutzerkl\u00e4rungen sowie sonstige rechtliche Dokumente wie Allgemeine Gesch\u00e4ftsbedingungen (AGB), Nutzungsbedingungen oder Teilnahmebedingungen gelten.<\/p>\n<p>Wir unterliegen dem schweizerischen Datenschutzrecht sowie allenfalls anwendbarem ausl\u00e4ndischem Datenschutzrecht wie insbesondere jenem der Europ\u00e4ischen Union (EU) mit der Datenschutz-Grundverordnung (DSGVO). Die Europ\u00e4ische Kommission anerkennt, dass das schweizerische Datenschutzrecht einen angemessenen Datenschutz gew\u00e4hrleistet.<\/p>\n<\/div>\n<h2 class=\"faq__title title-small\">1.\u00a0Kontaktadressen<\/h2>\n<div class=\"faq__text w-richtext\">\n<p>Verantwortung f\u00fcr die Bearbeitung von Personendaten:<\/p>\n<p><strong>Luya Foods AG<\/strong><\/p>\n<p>Wangenstrasse 53<\/p>\n<p>3018 Bern<\/p>\n<p><a href=\"mailto:info@luya.bio\">info@luya.bio<\/a><\/p>\n<p>Im Einzelfall kann es andere Verantwortliche fu\u0308r die Bearbeitung von Personendaten oder eine gemeinsame Verantwortlichkeit mit mindestens einem anderen Verantwortlichen geben.<\/p>\n<p><b>Datenschutz-Vertretung im Europ\u00e4ischen Wirtschaftsraum (EWR)<\/b><\/p>\n<p>Wir verfu\u0308gen u\u0308ber nachfolgende Datenschutz-Vertretung gem\u00e4ss <a href=\"https:\/\/steigerlegal.ch\/dsgvo\/dsgvo-27\/\" target=\"_blank\" rel=\"noopener\">Art. 27 DSGVO<\/a>:<\/p>\n<p><a href=\"https:\/\/www.datenschutzpartner.eu\/kontakt\/\" target=\"_blank\" rel=\"nofollow noopener noreferrer\"><strong>VGS Datenschutzpartner UG<\/strong><\/a><\/p>\n<p>Am Kaiserkai 69<\/p>\n<p>20457 Hamburg<\/p>\n<p>Deutschland<\/p>\n<p><a href=\"mailto:info@datenschutzpartner.eu\">info@datenschutzpartner.eu<\/a><\/p>\n<p>Die Datenschutz-Vertretung dient betroffenen Personen und Beh\u00f6rden in der Europ\u00e4ischen Union (EU) und im \u00fcbrigen Europ\u00e4ischen Wirtschaftsraum (EWR) als zus\u00e4tzliche Anlaufstelle f\u00fcr Anfragen im Zusammenhang mit der DSGVO.<\/p>\n<\/div>\n<h2 class=\"faq__title title-small\">2.\u00a0Begriffe und Rechtsgrundlagen<\/h2>\n<div class=\"faq__text w-richtext\">\n<p><b>2.1 Begriffe<\/b><\/p>\n<p><strong>Personendaten<\/strong> sind <em>alle<\/em> Angaben, die sich auf eine bestimmte oder bestimmbare natu\u0308rliche Person beziehen. Eine <strong>betroffene Person<\/strong> ist eine Person, u\u0308ber die wir Personendaten bearbeiten.<\/p>\n<p><strong>Bearbeiten<\/strong> umfasst <em>jeden <\/em>Umgang mit Personendaten, <em>unabh\u00e4ngig<\/em> von den angewandten Mitteln und Verfahren, beispielsweise das Abfragen, Abgleichen, Anpassen, Archivieren, Aufbewahren, Auslesen, Bekanntgeben, Beschaffen, Erfassen, Erheben, L\u00f6schen, Offenlegen, Ordnen, Organisieren, Speichern, Ver\u00e4ndern, Verbreiten, Verknu\u0308pfen, Vernichten und Verwenden von Personendaten.<\/p>\n<p>Der <strong>Europ\u00e4ische Wirtschaftsraum (EWR)<\/strong> umfasst die <a href=\"https:\/\/de.wikipedia.org\/wiki\/Mitgliedstaaten_der_Europ%C3%A4ischen_Union\" target=\"_blank\" rel=\"noopener\">Mitgliedstaaten der Europ\u00e4ischen Union<\/a> (EU) sowie das Fu\u0308rstentum Liechtenstein, Island und Norwegen. Die Datenschutz- Grundverordnung (DSGVO) bezeichnet die Bearbeitung von Personendaten als Verarbeitung von personenbezogenen Daten.<\/p>\n<p><b>2.2 Rechtsgrundlagen<\/b><\/p>\n<p>Wir bearbeiten Personendaten im Einklang mit dem schweizerischen Datenschutzrecht wie insbesondere dem <a id=\"62798\" href=\"https:\/\/www.fedlex.admin.ch\/eli\/cc\/1993\/1945_1945_1945\/de\" target=\"_blank\" rel=\"nofollow noopener noreferrer\">Bundesgesetz \u00fcber den Datenschutz<\/a> (DSG) und der <a href=\"https:\/\/www.fedlex.admin.ch\/eli\/cc\/1993\/1962_1962_1962\/de\" target=\"_blank\" rel=\"nofollow noopener\">Verordnung zum Bundesgesetz \u00fcber den Datenschutz<\/a> (VDSG).<\/p>\n<p><span id=\"rechtsgrundlagen-dsgvo\">Wir bearbeiten \u2013 sofern und soweit die Datenschutz-Grundverordnung (DSGVO) anwendbar ist \u2013 Personendaten gem\u00e4ss <em>mindestens<\/em> einer der folgenden Rechtsgrundlagen:<\/span><\/p>\n<p>\u2022\u00a0<a href=\"https:\/\/steigerlegal.ch\/dsgvo\/dsgvo-6\/\" target=\"_blank\" rel=\"nofollow noopener noreferrer\">Art. 6 Abs. 1 lit. b DSGVO<\/a> f\u00fcr die erforderliche Bearbeitung von Personendaten zur Erf\u00fcllung eines Vertrages mit der betroffenen Person sowie zur Durchf\u00fchrung vorvertraglicher Massnahmen.<\/p>\n<p>\u2022\u00a0Art. 6 Abs. 1 lit. f DSGVO f\u00fcr die erforderliche Bearbeitung von Personendaten, um die berechtigten Interessen von uns oder von Dritten zu wahren, sofern nicht die Grundfreiheiten und Grundrechte sowie Interessen der betroffenen Person \u00fcberwiegen. Berechtigte Interessen sind insbesondere unser Interesse, unsere Aktivit\u00e4ten und T\u00e4tigkeiten dauerhaft, nutzerfreundlich, sicher und zuverl\u00e4ssig aus\u00fcben sowie dar\u00fcber kommunizieren zu k\u00f6nnen, die Gew\u00e4hrleistung der Informationssicherheit, der Schutz vor Missbrauch, die Durchsetzung von eigenen rechtlichen Anspr\u00fcchen und die Einhaltung von schweizerischem Recht.<\/p>\n<p>\u2022\u00a0Art. 6 Abs. 1 lit. c DSGVO f\u00fcr die erforderliche Bearbeitung von Personendaten zur Erf\u00fcllung einer rechtlichen Verpflichtung, der wir gem\u00e4ss allenfalls anwendbarem Recht von Mitgliedstaaten im Europ\u00e4ischen Wirtschaftsraum (EWR) unterliegen.<\/p>\n<p>\u2022\u00a0Art. 6 Abs. 1 lit. e DSGVO f\u00fcr die erforderliche Bearbeitung von Personendaten zur Wahrnehmung einer Aufgabe, die im \u00f6ffentlichen Interesse liegt.<\/p>\n<p>\u2022\u00a0Art. 6 Abs. 1 lit. a DSGVO f\u00fcr die Bearbeitung von Personendaten mit Einwilligung der betroffenen Person.<\/p>\n<p>\u2022\u00a0Art. 6 Abs. 1 lit. d DSGVO f\u00fcr die erforderliche Bearbeitung von Personendaten, um lebenswichtige Interessen der betroffenen Person oder einer anderen nat\u00fcrlichen Person zu sch\u00fctzen.<\/p>\n<\/div>\n<h2 class=\"faq__title title-small\">3.\u00a0Art, Umfang und Zweck<\/h2>\n<div class=\"faq__text w-richtext\">\n<p>Wir bearbeiten jene Personendaten, die <em>erforderlich<\/em> sind, um unsere Aktivit\u00e4ten und T\u00e4tigkeiten dauerhaft, nutzerfreundlich, sicher und zuverl\u00e4ssig aus\u00fcben zu k\u00f6nnen. Solche Personendaten k\u00f6nnen insbesondere in die Kategorien von Bestandes- und Kontaktdaten, Browser- und Ger\u00e4tedaten, Inhaltsdaten, Meta- bzw. Randdaten und Nutzungsdaten, Standortdaten, Verkaufsdaten sowie Vertrags- und Zahlungsdaten fallen.<\/p>\n<p>Wir bearbeiten Personendaten w\u00e4hrend jener <em>Dauer<\/em>, die f\u00fcr den jeweiligen Zweck bzw. die jeweiligen Zwecke oder gesetzlich erforderlich ist. Personendaten, deren Bearbeitung nicht mehr erforderlich ist, werden anonymisiert oder gel\u00f6scht.<\/p>\n<p>Wir k\u00f6nnen Personendaten <em>durch Dritte<\/em> bearbeiten lassen. Wir k\u00f6nnen Personendaten gemeinsam mit Dritten bearbeiten oder an Dritte \u00fcbermitteln. Bei solchen Dritten handelt es sich insbesondere um spezialisierte Anbieter, deren Leistungen wir in Anspruch nehmen. Wir gew\u00e4hrleisten auch bei solchen Dritten den Datenschutz.<\/p>\n<p>Wir bearbeiten Personendaten <em>grunds\u00e4tzlich<\/em> nur mit Einwilligung der betroffenen Personen. Sofern und soweit die Bearbeitung aus anderen rechtlichen Gr\u00fcnden zul\u00e4ssig ist, k\u00f6nnen wir darauf verzichten, eine Einwilligung einzuholen. Wir k\u00f6nnen Personendaten beispielsweise ohne Einwilligung bearbeiten, um einen Vertrag zu erf\u00fcllen, um rechtlichen Verpflichtungen nachzukommen oder um \u00fcberwiegende Interessen zu wahren.<\/p>\n<p>Wir bearbeiten ausserdem Personendaten, die wir von Dritten erhalten, aus \u00f6ffentlich zug\u00e4nglichen Quellen beschaffen oder bei der Aus\u00fcbung unserer Aktivit\u00e4ten und T\u00e4tigkeiten erheben, sofern und soweit eine solche Bearbeitung aus rechtlichen Gr\u00fcnden zul\u00e4ssig ist.<\/p>\n<\/div>\n<h2 class=\"faq__title title-small\">4. Kommunikation<\/h2>\n<div class=\"faq__text w-richtext\">\n<p>Wir bearbeiten Personendaten, um mit Dritten kommunizieren zu k\u00f6nnen. Wir bearbeiten in diesem Rahmen insbesondere Daten, die eine betroffene Person bei der Kontaktaufnahme \u00fcbermittelt, zum Beispiel per Briefpost oder E-Mail. Wir k\u00f6nnen solche Daten in einem Adressbuch oder mit vergleichbaren Hilfsmitteln speichern.<\/p>\n<p>Dritte, die Daten \u00fcber andere Personen \u00fcbermitteln, sind verpflichtet, den Datenschutz gegen\u00fcber solchen betroffenen Personen zu gew\u00e4hrleisten. Daf\u00fcr muss unter anderem die Richtigkeit der \u00fcbermittelten Personendaten sichergestellt werden.<\/p>\n<p>Wir nutzen ausgew\u00e4hlte Dienste von geeigneten Anbietern, um mit Dritten besser kommunizieren zu k\u00f6nnen.<\/p>\n<p>Wir nutzen insbesondere:<\/p>\n<p>\u2022\u00a0<strong><a href=\"https:\/\/www.bexio.com\/de-CH\/\" target=\"_blank\" rel=\"noopener\">bexio:<\/a><\/strong> Customer-Relationship-Management (CRM); Anbieterin: bexio AG (Schweiz); Angaben zum Datenschutz: <a href=\"https:\/\/www.bexio.com\/de-CH\/richtlinien\/datenschutz\" target=\"_blank\" rel=\"noopener\">Datenschutzerkl\u00e4rung<\/a>, <a href=\"https:\/\/www.bexio.com\/de-CH\/cloud\" target=\"_blank\" rel=\"noopener\">\u00abCloud und Datensicherheit\u00bb<\/a>, <a href=\"https:\/\/www.bexio.com\/de-CH\/blog\/view\/datensicherheit\" target=\"_blank\" rel=\"noopener\">\u00abDatensicherheit \u2013 Definition und Massnahmen f\u00fcr Unternehmen\u00bb<\/a>.<\/p>\n<p>\u2022\u00a0<a href=\"https:\/\/www.google.com\/intl\/de\/forms\/about\/\" target=\"_blank\" rel=\"noopener\"><strong>Google Forms:<\/strong><\/a>Online-Formular-Dienst; Anbieterin: Google; Google Forms-spezifische Angaben zum Datenschutz: <a href=\"https:\/\/www.google.com\/intl\/de\/forms\/about\/#security\" target=\"_blank\" rel=\"noopener\">\u00abSicherheit, Compliance und Datenschutz\u00bb<\/a>.<\/p>\n<p>\u2022\u00a0<strong><a href=\"https:\/\/forms.office.com\/Pages\/DesignPageV2.aspx?subpage=creationv2\" target=\"_blank\" rel=\"noopener\">Microsoft Forms:<\/a><\/strong>Online-Formular-Dienst; Anbieterin: Microsoft; Microsoft Forms-spezifische Angaben zum Datenschutz: <a href=\"https:\/\/support.microsoft.com\/de-de\/office\/datenschutz-und-compliance-9c1e3d75-1ae3-4587-adf6-616ed694e440\" target=\"_blank\" rel=\"noopener\">\u00abDatenschutz und Compliance\u00bb<\/a>, <a href=\"https:\/\/support.microsoft.com\/de-de\/topic\/sicherheit-und-datenschutz-in-microsoft-forms-7e57f9ba-4aeb-4b1b-9e21-b75318532cd9\" target=\"_blank\" rel=\"noopener\">\u00abSicherheit und Datenschutz\u00bb<\/a>.<\/p>\n<p>\u2022\u00a0<strong><a href=\"https:\/\/www.pipedrive.com\/de\" target=\"_blank\" rel=\"noopener\">Pipedrive:<\/a><\/strong>Customer-Relationship-Management (CRM); Anbieterin: Pipedrive O\u00dc (Estland); Angaben zum Datenschutz: <a href=\"https:\/\/www.pipedrive.com\/en\/privacy\" target=\"_blank\" rel=\"noopener\">Datenschutzerkl\u00e4rung<\/a>, <a href=\"https:\/\/www.pipedrive.com\/en\/privacy\" target=\"_blank\" rel=\"noopener\">\u00abVerantwortlicher und Auftragsverarbeiter\u00bb (\u00abData Controller and Data Processor\u00bb)<\/a>.<\/p>\n<\/div>\n<h2 class=\"faq__title title-small\">5. Bewerbungen<\/h2>\n<div class=\"faq__text w-richtext\">\n<p>Wir bearbeiten Personendaten \u00fcber Bewerberinnen und Bewerber, soweit sie f\u00fcr die Einsch\u00e4tzung der Eignung f\u00fcr ein Arbeitsverh\u00e4ltnis oder f\u00fcr die sp\u00e4tere Durchf\u00fchrung eines Arbeitsvertrages erforderlich sind. Die erforderlichen Personendaten ergeben sich insbesondere aus den abgefragten Angaben, beispielsweise im Rahmen einer Stellenausschreibung. Wir k\u00f6nnen Stellenausschreibungen mit Hilfe von geeigneten Dritten ver\u00f6ffentlichen, zum Beispiel in elektronischen und gedruckten Medien oder bei Jobportalen und Stellenplattformen.<\/p>\n<p>Wir bearbeiten ferner jene Personendaten, die Bewerberinnen und Bewerber <em>freiwillig<\/em> mitteilen oder ver\u00f6ffentlichen, insbesondere als Teil von Anschreiben, Lebenslauf und sonstigen Bewerbungsunterlagen sowie von Online-Profilen.<\/p>\n<p><span id=\"bewerbungen-dsgvo\">Wir bearbeiten\u00a0\u2013 sofern und soweit die Datenschutz-Grundverordnung (DSGVO) anwendbar ist\u00a0\u2013 Personendaten \u00fcber Bewerberinnen und Bewerber insbesondere gem\u00e4ss <a href=\"https:\/\/steigerlegal.ch\/dsgvo\/dsgvo-9\/#2b\" target=\"_blank\" rel=\"nofollow noopener noreferrer\">Art.\u00a09 Abs.\u00a02 lit.\u00a0b DSGVO<\/a>.<\/span><\/p>\n<p>Wir k\u00f6nnen Bewerberinnen und Bewerbern erm\u00f6glichen, ihre Angaben in unserem <strong>Talentpool<\/strong> zu hinterlegen, um sie bei k\u00fcnftigen offenen Stellen ber\u00fccksichtigen zu k\u00f6nnen. Wir k\u00f6nnen solche Angaben ausserdem verwenden, um den Kontakt zu pflegen und \u00fcber Neuigkeiten zu informieren. Wenn wir davon ausgehen, dass eine Bewerberin oder ein Bewerber aufgrund der Angaben f\u00fcr eine offene Stelle in Frage kommt, k\u00f6nnen wir die Bewerberin oder den Bewerber entsprechend informieren.<\/p>\n<p>Wir nutzen ausgew\u00e4hlte Dienste von geeigneten Dritten, um Stellen mittels <strong>E-Rekrutierung<\/strong> ausschreiben sowie Bewerbungen erm\u00f6glichen und verwalten zu k\u00f6nnen.<\/p>\n<p>Wir nutzen insbesondere:<\/p>\n<p>\u2022\u00a0<strong><a href=\"https:\/\/join.com\/de\" target=\"_blank\" rel=\"noopener\">JOIN<\/a><\/strong>: E-Rekrutierung; Anbieterin: JOIN Solutions AG (Schweiz); Angaben zum Datenschutz: <a href=\"https:\/\/join.com\/de\/datenschutz\" target=\"_blank\" rel=\"noopener\">Datenschutzerkl\u00e4rung<\/a>.<\/p>\n<\/div>\n<h2 class=\"faq__title title-small\">6. Datensicherheit<\/h2>\n<div class=\"faq__text w-richtext\">\n<p>Wir treffen geeignete technische und organisatorische Massnahmen, um eine dem jeweiligen Risiko angemessene Datensicherheit zu gew\u00e4hrleisten. Mit unseren Massnahmen gew\u00e4hrleisten wir insbesondere die Vertraulichkeit, Verf\u00fcgbarkeit, Nachvollziehbarkeit und Integrit\u00e4t der bearbeiteten Personendaten, ohne aber absolute Datensicherheit gew\u00e4hrleisten zu k\u00f6nnen. Der Zugriff auf unsere Website und unsere sonstige Online-Pr\u00e4senz erfolgt mittels Transportverschl\u00fcsselung (SSL \/ TLS, insbesondere mit dem Hypertext Transfer Protocol Secure, abgek\u00fcrzt HTTPS). Die meisten Browser kennzeichnen Transportverschl\u00fcsselung mit einem kleinen Vorh\u00e4ngeschloss in der Adressleiste. Unsere digitale Kommunikation unterliegt \u2013 wie <em>grunds\u00e4tzlich<\/em> jede digitale Kommunikation \u2013 der Massen\u00fcberwachung ohne Anlass und Verdacht durch Sicherheitsbeh\u00f6rden in der Schweiz, im \u00fcbrigen Europa, in den Vereinigten Staaten von Amerika (USA) und in anderen L\u00e4ndern.<\/p>\n<p>Wir k\u00f6nnen keinen direkten Einfluss auf die entsprechende Bearbeitung von Personendaten durch Geheimdienste, Polizeistellen und andere Sicherheitsbeh\u00f6rden nehmen. Wir k\u00f6nnen auch nicht ausschliessen, dass einzelne betroffene Personen gezielt \u00fcberwacht werden.<\/p>\n<\/div>\n<h2 class=\"faq__title title-small\">7. Personendaten im Ausland<\/h2>\n<div class=\"faq__text w-richtext\">\n<p>Wir bearbeiten Personendaten <em>grunds\u00e4tzlich<\/em> in der Schweiz und im Europ\u00e4ischen Wirtschaftsraum (EWR). Wir k\u00f6nnen Personendaten aber auch in andere Staaten exportieren bzw. \u00fcbermitteln, insbesondere um sie dort zu bearbeiten oder bearbeiten zu lassen.<\/p>\n<p>Wir k\u00f6nnen Personendaten in alle <a href=\"https:\/\/de.wikipedia.org\/wiki\/Liste_der_Staaten_der_Erde#Tabelle\" target=\"_blank\" rel=\"nofollow noopener noreferrer\">Staaten und Territorien auf der Erde<\/a> sowie anderswo im <a href=\"https:\/\/de.wikipedia.org\/wiki\/Universum\" target=\"_blank\" rel=\"nofollow noopener noreferrer\">Universum<\/a> exportieren, sofern das dortige Recht gem\u00e4ss <a href=\"https:\/\/steigerlegal.ch\/2022\/09\/10\/ndsg-schweiz-staatenliste\/\" target=\"_blank\" rel=\"nofollow noopener noreferrer\">Beschluss des Schweizerischen Bundesrates<\/a> einen angemessenen Datenschutz sowie \u2013 sofern und soweit die Datenschutz-Grundverordnung (DSGVO) anwendbar ist \u2013 gem\u00e4ss <a href=\"https:\/\/commission.europa.eu\/law\/law-topic\/data-protection\/international-dimension-data-protection\/adequacy-decisions_de\" target=\"_blank\" rel=\"nofollow noopener noreferrer\">Beschluss der Europ\u00e4ischen Kommission<\/a> einen angemessenen Datenschutz gew\u00e4hrleistet.<\/p>\n<p>Wir k\u00f6nnen Personendaten in Staaten, deren Recht keinen angemessenen Datenschutz gew\u00e4hrleistet, \u00fcbermitteln, sofern der Datenschutz aus anderen Gr\u00fcnden gew\u00e4hrleistet ist, insbesondere auf Grundlage von Standarddatenschutzklauseln oder mit anderen geeigneten Garantien. Ausnahmsweise k\u00f6nnen wir Personendaten in Staaten ohne angemessenen oder geeigneten Datenschutz exportieren, wenn daf\u00fcr die besonderen datenschutzrechtlichen Voraussetzungen erf\u00fcllt sind, beispielsweise die ausdr\u00fcckliche Einwilligung der betroffenen Personen oder ein unmittelbarer Zusammenhang mit dem Abschluss oder der Abwicklung eines Vertrages. Wir geben betroffenen Personen auf Nachfrage gerne Auskunft \u00fcber allf\u00e4llige Garantien oder liefern eine Kopie allf\u00e4lliger Garantien.<\/p>\n<\/div>\n<h2 class=\"faq__title title-small\">8. Rechte von betroffenen Personen<\/h2>\n<div class=\"faq__text w-richtext\">\n<p><strong>8.1 Datenschutzrechtliche Anspr\u00fcche<\/strong><\/p>\n<p>Wir gew\u00e4hren betroffenen Personen s\u00e4mtliche Anspr\u00fcche gem\u00e4ss dem anwendbaren Datenschutzrecht.<br \/>Betroffene Personen verf\u00fcgen insbesondere \u00fcber folgende Rechte:<\/p>\n<p>\u2022\u00a0<strong>Auskunft:<\/strong> Betroffene Personen k\u00f6nnen Auskunft verlangen, ob wir Personendaten \u00fcber sie bearbeiten, und falls ja, um welche Personendaten es sich handelt. Betroffene Personen erhalten ferner jene Informationen, die erforderlich sind, um ihre datenschutzrechtlichen Anspr\u00fcche geltend zu machen und Transparenz zu gew\u00e4hrleisten. Dazu z\u00e4hlen die bearbeiteten Personendaten als solche, aber unter anderem auch Angaben zum Bearbeitungszweck, zur Dauer der Aufbewahrung, zu einer allf\u00e4lligen Bekanntgabe bzw. einem allf\u00e4lligen Export von Daten in andere Staaten und zur Herkunft der Personendaten.<\/p>\n<p>\u2022\u00a0<strong>Berichtigung und Einschr\u00e4nkung: <\/strong>Betroffene Personen k\u00f6nnen unrichtige Personendaten berichtigen, unvollst\u00e4ndige Daten vervollst\u00e4ndigen und die Bearbeitung ihrer Daten einschr\u00e4nken lassen.<\/p>\n<p>\u2022\u00a0<strong>L\u00f6schung und Widerspruch:<\/strong> Betroffene Personen k\u00f6nnen Personendaten l\u00f6schen lassen (\u00abRecht auf Vergessen\u00bb) und der Bearbeitung ihrer Daten mit Wirkung f\u00fcr die Zukunft widersprechen.<\/p>\n<p>\u2022\u00a0<strong>Datenherausgabe und Daten\u00fcbertragung:<\/strong> Betroffene Personen k\u00f6nnen die Herausgabe von Personendaten oder die \u00dcbertragung ihrer Daten an einen anderen Verantwortlichen verlangen.<\/p>\n<p>Wir k\u00f6nnen die Aus\u00fcbung der Rechte von betroffenen Personen im rechtlich zul\u00e4ssigen Rahmenaufschieben, einschr\u00e4nken oder verweigern. Wir k\u00f6nnen betroffene Personen auf allenfalls zu erf\u00fcllende Voraussetzungen f\u00fcr die Aus\u00fcbung ihrer datenschutzrechtlichen Anspr\u00fcche hinweisen. Wir k\u00f6nnen beispielsweise die Auskunft mit Verweis auf Gesch\u00e4ftsgeheimnisse oder den Schutz anderer Personen ganz oder teilweise verweigern. Wir k\u00f6nnen beispielsweise auch die L\u00f6schung von Personendaten mit Verweis auf gesetzliche Aufbewahrungspflichten ganz oder teilweise verweigern. Wir k\u00f6nnen f\u00fcr die Aus\u00fcbung der Rechte <em>ausnahmsweise<\/em> Kosten vorsehen. Wir informieren betroffene Personen vorg\u00e4ngig \u00fcber allf\u00e4llige Kosten.<br \/>Wir sind verpflichtet, betroffene Personen, die Auskunft verlangen oder andere Rechte geltend machen, mit angemessenen Massnahmen zu identifizieren. Betroffene Personen sind zur Mitwirkung verpflichtet.<\/p>\n<p><strong>8.2 Rechtsschutz<\/strong><\/p>\n<p>Betroffene Personen haben das Recht, ihre datenschutzrechtlichen Anspr\u00fcche auf dem Rechtsweg durchzusetzen oder Anzeige bzw. Beschwerde bei einer zust\u00e4ndigen Datenschutz-Aufsichtsbeh\u00f6rde zu erheben.<br \/>Datenschutz-Aufsichtsbeh\u00f6rde f\u00fcr Anzeigen von betroffenen Personen gegen private Verantwortliche und Bundesorgane in der Schweiz ist der <a href=\"https:\/\/www.edoeb.admin.ch\/edoeb\/de\/home.html\" target=\"_blank\" rel=\"noopener\">Eidgen\u00f6ssische Datenschutz- und \u00d6ffentlichkeitsbeauftragte<\/a> (ED\u00d6B).<br \/>Europ\u00e4ische Datenschutz-Aufsichtsbeh\u00f6rden f\u00fcr Beschwerden von betroffenen Personen \u2013 sofern und soweit die Datenschutz-Grundverordnung (DSGVO) anwendbar ist \u2013 sind als <a href=\"https:\/\/www.edpb.europa.eu\/about-edpb\/about-edpb\/members_de\" target=\"_blank\" rel=\"noopener\">Mitglieder im Europ\u00e4ischen Datenschutzausschuss<\/a> (EDSA) organisiert. In einigen Mitgliedstaaten im Europ\u00e4ischen Wirtschaftsraum (EWR) sind die Datenschutz-Aufsichtsbeh\u00f6rden f\u00f6deral strukturiert, <a href=\"https:\/\/www.bfdi.bund.de\/DE\/Service\/Anschriften\/Laender\/Laender-node.html\" target=\"_blank\" rel=\"noopener\">insbesondere in Deutschland<\/a>.<\/p>\n<\/div>\n<h2 class=\"faq__title title-small\">9. Nutzung der Website<\/h2>\n<div class=\"faq__text w-richtext\">\n<p><strong>9.1 Cookies<\/strong><\/p>\n<p>Wir k\u00f6nnen Cookies verwenden. Bei Cookies\u00a0\u2013 eigenen Cookies (First-Party-Cookies) als auch Cookies von Dritten, deren Dienste wir verwenden (Third-Party-Cookies)\u00a0\u2013 handelt es sich um Daten, die im Browser gespeichert werden. Solche gespeicherten Daten m\u00fcssen nicht auf traditionelle Cookies in Textform beschr\u00e4nkt sein.<\/p>\n<p>Cookies k\u00f6nnen im Browser tempor\u00e4r als \u00abSession Cookies\u00bb oder f\u00fcr einen bestimmten Zeitraum als sogenannte permanente Cookies gespeichert werden. \u00abSession Cookies\u00bb werden automatisch gel\u00f6scht, wenn der Browser geschlossen wird. Permanente Cookies haben eine bestimmte Speicherdauer. Cookies erm\u00f6glichen insbesondere, einen Browser beim n\u00e4chsten Besuch unserer Website wiederzuerkennen und dadurch beispielsweise die Reichweite unserer Website zu messen. Permanente Cookies k\u00f6nnen aber beispielsweise auch f\u00fcr Online-Marketing verwendet werden.<\/p>\n<p>Cookies k\u00f6nnen in den Browser-Einstellungen jederzeit ganz oder teilweise deaktiviert sowie gel\u00f6scht werden. Ohne Cookies steht unsere Website allenfalls nicht mehr in vollem Umfang zur Verf\u00fcgung. Wir ersuchen\u00a0\u2013 mindestens sofern und soweit erforderlich\u00a0\u2013 aktiv um die ausdr\u00fcckliche Einwilligung in die Verwendung von Cookies.<\/p>\n<p>Bei Cookies, die f\u00fcr die Erfolgs- und Reichweitenmessung oder f\u00fcr Werbung verwendet werden, ist f\u00fcr zahlreiche Dienste ein allgemeiner Widerspruch (\u00abOpt-out\u00bb) \u00fcber die <a href=\"https:\/\/youradchoices.ca\/\" target=\"_blank\" rel=\"nofollow noopener noreferrer\">AdChoices<\/a> (Digital Advertising Alliance of Canada), die <a href=\"https:\/\/optout.networkadvertising.org\/\" target=\"_blank\" rel=\"nofollow noopener noreferrer\">Network Advertising Initiative<\/a> (NAI), <a href=\"https:\/\/optout.aboutads.info\/\" target=\"_blank\" rel=\"nofollow noopener noreferrer\">YourAdChoices<\/a> (Digital Advertising Alliance) oder <a href=\"https:\/\/www.youronlinechoices.com\/ch-de\/praferenzmanagement\" target=\"_blank\" rel=\"nofollow noopener noreferrer\">Your Online Choices<\/a> (European Interactive Digital Advertising Alliance, EDAA) m\u00f6glich.<\/p>\n<p><strong>9.2 Protokollierung<\/strong><\/p>\n<p>Wir k\u00f6nnen f\u00fcr jeden Zugriff auf unsere Website und unsere sonstige Online-Pr\u00e4senz mindestens nachfolgende Angaben protokollieren, sofern diese bei solchen Zugriffen an unsere digitale Infrastruktur \u00fcbermittelt werden: Datum und Zeit einschliesslich Zeitzone, IP-Adresse, Zugriffsstatus (HTTP-Statuscode), Betriebssystem einschliesslich Benutzeroberfl\u00e4che und Version, Browser einschliesslich Sprache und Version, aufgerufene einzelne Unter-Seite unserer Website einschliesslich \u00fcbertragener Datenmenge, zuletzt im gleichen Browser-Fenster aufgerufene Webseite (Referer bzw. Referrer).<\/p>\n<p>Wir protokollieren solche Angaben, die auch Personendaten darstellen k\u00f6nnen, in Logdateien. Die Angaben sind erforderlich, um unsere Online-Pr\u00e4senz dauerhaft, nutzerfreundlich und zuverl\u00e4ssig bereitstellen zu k\u00f6nnen. Die Angaben sind ferner erforderlich, um die Datensicherheit gew\u00e4hrleisten zu k\u00f6nnen \u2013 auch durch Dritte oder mit Hilfe von Dritten.<\/p>\n<p><strong>9.3 Z\u00e4hlpixel<\/strong><\/p>\n<p>Wir k\u00f6nnen Z\u00e4hlpixel in unsere Online-Pr\u00e4senz einbinden. Z\u00e4hlpixel werden auch als Web-Beacons bezeichnet. Bei Z\u00e4hlpixeln \u2013 auch von Dritten, deren Dienste wir nutzen \u2013 handelt es sich \u00fcblicherweise um kleine, nicht sichtbare Bilder oder in JavaScript formulierte Skripte, die beim Zugriff auf unsere Online-Pr\u00e4senz automatisch abgerufen werden. Mit Z\u00e4hlpixeln k\u00f6nnen mindestens die gleichen Angaben wie in Logdateien erfasst werden.<\/p>\n<\/div>\n<h2 class=\"faq__title title-small\">10. Benachrichtigungen und Mitteilungen<\/h2>\n<div class=\"faq__text w-richtext\">\n<p>Wir versenden Benachrichtigungen und Mitteilungen per E-Mail und \u00fcber andere Kommunikationskan\u00e4le wie beispielsweise Instant Messaging oder SMS.<\/p>\n<p><strong>10.1 Erfolgs- und Reichweitenmessung<\/strong><\/p>\n<p>Benachrichtigungen und Mitteilungen k\u00f6nnen Weblinks oder Z\u00e4hlpixel enthalten, die erfassen, ob eine einzelne Mitteilung ge\u00f6ffnet wurde und welcheWeblinks dabei angeklickt wurden. Solche Weblinks und Z\u00e4hlpixel k\u00f6nnen die Nutzung von Benachrichtigungen und Mitteilungen auch personenbezogen erfassen. Wir ben\u00f6tigen diese statistische Erfassung der Nutzung f\u00fcr die Erfolgs- und Reichweitenmessung, um Benachrichtigungen und Mitteilungen aufgrund der Bed\u00fcrfnisse und Lesegewohnheiten der Empf\u00e4ngerinnen und Empf\u00e4nger effektiv und nutzerfreundlich sowie dauerhaft, sicher und zuverl\u00e4ssig versenden zu k\u00f6nnen.<\/p>\n<p><strong>10.2 Einwilligung und Widerspruch<\/strong><\/p>\n<p>Sie m\u00fcssen <em>grunds\u00e4tzlich<\/em> in die Verwendung Ihrer E-Mail-Adresse und Ihrer sonstigen Kontaktadressen einwilligen, es sei denn, die Verwendung ist aus anderen rechtlichen Gr\u00fcnden zul\u00e4ssig. F\u00fcr das allf\u00e4llige Einholen einer doppelt best\u00e4tigten Einwilligung k\u00f6nnen wir das \u00abDouble Opt-in\u00bb-Verfahren verwenden. Sie erhalten in diesem Fall eine Mitteilung mit Anweisungen f\u00fcr die doppelte Best\u00e4tigung. Wir k\u00f6nnen eingeholte Einwilligungen einschliesslich IP-Adresse und Zeitstempel aus Beweis- und Sicherheitsgr\u00fcnden protokollieren.<\/p>\n<p>Sie k\u00f6nnen <em>grunds\u00e4tzlich<\/em> dem Erhalt von Benachrichtigungen und Mitteilungen wie beispielsweise Newslettern jederzeit widersprechen. Mit einem solchen Widerspruch k\u00f6nnen Sie gleichzeitig der statistischen Erfassung der Nutzung f\u00fcr die Erfolgs- und Reichweitenmessung widersprechen. Vorbehalten bleiben erforderliche Benachrichtigungen und Mitteilungen im Zusammenhang mit unseren Aktivit\u00e4ten und T\u00e4tigkeiten.<\/p>\n<p><strong>10.3 Dienstleister f\u00fcr Benachrichtigungen und Mitteilungen<\/strong><\/p>\n<p>Wir versenden Benachrichtigungen und Mitteilungen mit Hilfe von spezialisierten Dienstleistern.<\/p>\n<p>Wir nutzen insbesondere:<\/p>\n<p>\u2022\u00a0<strong><a href=\"https:\/\/mailchimp.com\/de\/\" target=\"_blank\" rel=\"nofollow noopener noreferrer\">Mailchimp<\/a><\/strong>: Kommunikationsplattform; Anbieterin: The Rocket Science Group\u00a0LLC d\/b\/a Mailchimp (USA) als <a href=\"https:\/\/www.intuit.com\/legal\/intuit-group-companies\/\" target=\"_blank\" rel=\"nofollow noopener noreferrer\">Tochtergesellschaft <\/a>der Intuit\u00a0Inc. (USA); Angaben zum Datenschutz: <a href=\"https:\/\/www.intuit.com\/privacy\/statement\/\" target=\"_blank\" rel=\"nofollow noopener noreferrer\">Datenschutzerkl\u00e4rung (Intuit) <\/a>einschliesslich \u00abL\u00e4nder- und Regionen-spezifische Bestimmungen\u00bb (\u00abCountry and Region-Specific Terms\u00bb), <a href=\"https:\/\/mailchimp.com\/help\/mailchimp-intuit-privacy-faq\/\" target=\"_blank\" rel=\"nofollow noopener noreferrer\">\u00abH\u00e4ufig gestellte Fragen zum Datenschutz bei Mailchimp\u00bb, <\/a><a href=\"https:\/\/mailchimp.com\/de\/help\/mailchimp-european-data-transfers\/\" target=\"_blank\" rel=\"nofollow noopener noreferrer\">\u00abMailchimp und europ\u00e4ische Daten\u00fcbertragungen\u00bb <\/a>, <a href=\"https:\/\/mailchimp.com\/about\/security\/\" target=\"_blank\" rel=\"nofollow noopener noreferrer\">\u00abSicherheit\u00bb<\/a>, <a href=\"https:\/\/mailchimp.com\/legal\/cookies\/\" target=\"_blank\" rel=\"nofollow noopener noreferrer\">Cookie-Richtlinie<\/a>, <a href=\"https:\/\/mailchimp.com\/privacy-rights\/\" target=\"_blank\" rel=\"nofollow noopener noreferrer\">\u00abDatenschutzrechtliche Anfragen\u00bb (\u00abPrivacy Rights Requests\u00bb)<\/a>, <a href=\"https:\/\/mailchimp.com\/legal\/\" target=\"_blank\" rel=\"nofollow noopener noreferrer\">\u00abRechtliche Bestimmungen\u00bb<\/a>.<\/p>\n<\/div>\n<h2 class=\"faq__title title-small\">11. Social Media<\/h2>\n<div class=\"faq__text w-richtext\">\n<p>Wir sind auf Social Media-Plattformen und anderen Online-Plattformen pr\u00e4sent, um mit interessierten Personen kommunizieren sowie \u00fcber unsere Aktivit\u00e4ten und T\u00e4tigkeiten informieren zu k\u00f6nnen. Im Zusammenhang mit solchen Plattformen k\u00f6nnen Personendaten auch ausserhalb der Schweiz und des Europ\u00e4ischen Wirtschaftsraumes (EWR) bearbeitet werden.<\/p>\n<p>Es gelten jeweils auch die Allgemeinen Gesch\u00e4ftsbedingungen (AGB) und Nutzungsbedingungen sowie Datenschutzerkl\u00e4rungen und sonstigen Bestimmungen der einzelnen Betreiber solcher Plattformen. Diese Bestimmungen informieren insbesondere \u00fcber die Rechte von betroffenen Personen direkt gegen\u00fcber der jeweiligen Plattform, wozu beispielsweise das Recht auf Auskunft z\u00e4hlt.<\/p>\n<p>F\u00fcr unsere <strong>Social Media-Pr\u00e4senz bei Facebook<\/strong> unter Einschluss der sogenannten Seiten-Insights sind wir\u00a0\u2013 sofern und soweit die Datenschutz-Grundverordnung (DSGVO) anwendbar ist\u00a0\u2013 gemeinsam mit der Meta Platforms Ireland Limited (Irland) verantwortlich. Die Meta Platforms Ireland Limited ist Teil der <a href=\"https:\/\/www.facebook.com\/help\/111814505650678\" target=\"_blank\" rel=\"nofollow noopener noreferrer\">Meta-Unternehmen<\/a> (unter anderem in den USA). Die Seiten-Insights geben Aufschluss dar\u00fcber, wie Besucherinnen und Besucher mit unserer Facebook-Pr\u00e4senz interagieren. Wir nutzen Seiten-Insights, um unsere Social Media-Pr\u00e4senz bei Facebook effektiv und nutzerfreundlich bereitstellen zu k\u00f6nnen.<\/p>\n<p>Weitere Angaben \u00fcber Art, Umfang und Zweck der Datenbearbeitung, Angaben zu den Rechten von betroffenen Personen sowie die Kontaktdaten von Facebook wie auch dem Datenschutzbeauftragten von Facebook finden sich in der <a href=\"https:\/\/www.facebook.com\/about\/privacy\" target=\"_blank\" rel=\"nofollow noopener noreferrer\">Datenschutzerkl\u00e4rung von Facebook<\/a>. Wir haben mit Facebook den sogenannten <a href=\"https:\/\/www.facebook.com\/legal\/controller_addendum\" target=\"_blank\" rel=\"nofollow noopener noreferrer\">\u00abZusatz f\u00fcr Verantwortliche\u00bb<\/a> abgeschlossen und damit insbesondere vereinbart, dass Facebook daf\u00fcr verantwortlich ist, die Rechte betroffener Personen zu gew\u00e4hrleisten. F\u00fcr die sogenannten Seiten-Insights finden sich die entsprechenden Angaben auf der Seite <a href=\"https:\/\/www.facebook.com\/legal\/terms\/page_controller_addendum\" target=\"_blank\" rel=\"nofollow noopener noreferrer\">\u00abInformationen zu Seiten-Insights\u00bb<\/a> einschliesslich <a href=\"https:\/\/www.facebook.com\/legal\/terms\/information_about_page_insights_data\" target=\"_blank\" rel=\"nofollow noopener noreferrer\">\u00abInformationen zu Seiten-Insights-Daten\u00bb<\/a>.<\/p>\n<\/div>\n<h2 class=\"faq__title title-small\">12. Dienste von Dritten<\/h2>\n<div class=\"faq__text w-richtext\">\n<p>Wir nutzen Dienste von spezialisierten Dritten, um unsere Aktivit\u00e4ten und T\u00e4tigkeiten dauerhaft, nutzerfreundlich, sicher und zuverl\u00e4ssig aus\u00fcben zu k\u00f6nnen. Mit solchen Diensten k\u00f6nnen wir unter anderem Funktionen und Inhalte in unsere Website einbetten. Bei einer solchen Einbettung erfassen die genutzten Dienste aus technisch zwingenden Gr\u00fcnden mindestens zeitweilig die Internet Protocol\u00a0(IP)-Adressen der Nutzerinnen und Nutzer.<\/p>\n<p>F\u00fcr erforderliche sicherheitsrelevante, statistische und technische Zwecke k\u00f6nnen Dritte, deren Dienste wir verwenden, Daten im Zusammenhang mit unseren Aktivit\u00e4ten und T\u00e4tigkeiten aggregiert, anonymisiert oder pseudonymisiert bearbeiten. Es handelt sich beispielsweise um Leistungs- oder Nutzungsdaten, um den jeweiligen Dienst anbieten zu k\u00f6nnen.<\/p>\n<p>Wir nutzen insbesondere:<\/p>\n<p>\u2022\u00a0<strong><a href=\"https:\/\/about.google\/products\/\" target=\"_blank\" rel=\"nofollow noopener noreferrer\">Dienste von Google<\/a><\/strong>: Anbieterinnen: Google\u00a0LLC (USA) \/ Google Ireland Limited (Irland) f\u00fcr Nutzerinnen und Nutzer im Europ\u00e4ischen Wirtschaftsraum (EWR) und in der Schweiz; Allgemeine Angaben zum Datenschutz: <a href=\"https:\/\/safety.google\/intl\/de\/principles\/\" target=\"_blank\" rel=\"nofollow noopener noreferrer\">\u00abGrunds\u00e4tze zu Datenschutz und Sicherheit\u00bb<\/a>, <a href=\"https:\/\/policies.google.com\/privacy?hl=de\" target=\"_blank\" rel=\"nofollow noopener noreferrer\">Datenschutzerkl\u00e4rung<\/a>, <a href=\"https:\/\/privacy.google.com\/intl\/de\/businesses\/compliance\/\" target=\"_blank\" rel=\"nofollow noopener noreferrer\">\u00abGoogle ist der Einhaltung der anwendbaren Datenschutzgesetze verpflichtet\u00bb<\/a>, <a href=\"https:\/\/policies.google.com\/technologies\/product-privacy?hl=de\" target=\"_blank\" rel=\"nofollow noopener noreferrer\">\u00abLeitfaden zum Datenschutz in Google-Produkten\u00bb<\/a>, <a href=\"https:\/\/policies.google.com\/technologies\/partner-sites?hl=de\" target=\"_blank\" rel=\"nofollow noopener noreferrer\">\u00abWie wir Daten von Websites oder Apps verwenden, auf bzw. in denen unsere Dienste genutzt werden\u00bb (Angaben von Google)<\/a>, <a href=\"https:\/\/policies.google.com\/technologies\/cookies?hl=de\" target=\"_blank\" rel=\"nofollow noopener noreferrer\">\u00abVon Google verwendete Cookie-Arten und sonstige Technologien\u00bb<\/a>, <a href=\"https:\/\/adssettings.google.com\/\" target=\"_blank\" rel=\"nofollow noopener noreferrer\">\u00abPersonalisierte Werbung\u00bb (Aktivierung \/ Deaktivierung \/ Einstellungen)<\/a><\/p>\n<p>\u2022\u00a0<a href=\"https:\/\/www.microsoft.com\/de-ch\" target=\"_blank\" rel=\"noopener\">Dienste von Microsoft:<\/a> Anbieterinnen: Microsoft Ireland Operations Limited (Irland) f\u00fcr Nutzerinnen und Nutzer im Europ\u00e4ischen Wirtschaftsraum (EWR), in der Schweiz und im Verereinigten K\u00f6nigreich \/ Microsoft Corporation (USA) f\u00fcr Nutzerinnen und Nutzer im Rest der Welt; Allgemeine Angaben zum Datenschutz: \u00abDatenschutz bei Microsoft\u00bb, \u00abDatenschutz und Privatsph\u00e4re\u00bb, Datenschutzerkl\u00e4rung, \u00abDaten- und Datenschutzeinstellungen\u00bb.<\/p>\n<p><strong>12.1 Digitale Infrastruktur<\/strong><\/p>\n<p>Wir nutzen Dienste von spezialisierten Dritten, um ben\u00f6tigte digitale Infrastruktur im Zusammenhang mit unseren Aktivit\u00e4ten und T\u00e4tigkeiten in Anspruch nehmen zu k\u00f6nnen. Dazu z\u00e4hlen beispielsweise Hosting- und Speicherdienste von ausgew\u00e4hlten Anbietern.<\/p>\n<p>Wir nutzen insbesondere:<\/p>\n<p>\u2022\u00a0<strong><a href=\"https:\/\/cloud.google.com\/\" target=\"_blank\" rel=\"noopener\">Google Cloud einschliesslich Google Cloud Platform (GCP)<\/a><\/strong>: Speicherplatz und sonstige Infrastruktur; Google Cloud-spezifische Anbieterinnen: Google\/\u00a0LLC (USA) f\u00fcr Nutzerinnen und Nutzer unter anderem in den USA\u00a0\/ Google Ireland Limited oder Google Commerce Limited (jeweils Irland) unter anderem f\u00fcr Nutzerinnen und Nutzer im Europ\u00e4ischen Wirtschaftsraum (EWR) und in der Schweiz (siehe <a href=\"https:\/\/cloud.google.com\/terms\/google-entity\" target=\"_blank\" rel=\"nofollow noopener noreferrer\">\u00abVertragspartnerin auf Seiten von Google\u00bb [\u00abGoogle Contracting Entity\u00bb]<\/a> f\u00fcr die Anbieterinnen in weiteren Staaten); Google Cloud-spezifische Angaben: <a href=\"https:\/\/cloud.google.com\/security\/privacy\/?hl=de\" target=\"_blank\" rel=\"nofollow noopener noreferrer\">\u00abDatenschutz-Ressourcen-Center\u00bb (\u00abPrivacy Resource Center\u00bb)<\/a>, <a href=\"https:\/\/support.google.com\/googlecloud\/answer\/6056650?hl=de\" target=\"_blank\" rel=\"nofollow noopener noreferrer\">\u00abDatenschutz\u00bb<\/a>, <a href=\"https:\/\/cloud.google.com\/security\/compliance?hl=de\" target=\"_blank\" rel=\"nofollow noopener noreferrer\">\u00abCenter f\u00fcr Compliance-Ressourcen\u00bb<\/a>, <a href=\"https:\/\/cloud.google.com\/security\/?hl=de\" target=\"_blank\" rel=\"nofollow noopener noreferrer\">\u00abVertrauen und Sicherheit\u00bb<\/a><\/p>\n<p><strong><a href=\"https:\/\/www.hostpoint.ch\/\" target=\"_blank\" rel=\"noopener\">Hostpoint:<\/a> <\/strong>Hosting; Anbieterin: Hostpoint AG (Schweiz); Angaben zum Datenschutz: Datenschutzerkl\u00e4rung.<strong><a href=\"https:\/\/azure.microsoft.com\/de-de\/\" target=\"_blank\" rel=\"noopener\">Microsoft Azure:<\/a> <\/strong>Speicherplatz und sonstige Infrastruktur; Anbieterin: Microsoft; Microsoft<br \/>Azure-spezifische Angaben: \u00abDatenschutz in Azure\u00bb.<\/p>\n<p><strong><a href=\"https:\/\/wordpress.com\/\" target=\"_blank\" rel=\"nofollow noopener noreferrer\">WordPress.com:<\/a><\/strong> Blog-Hosting und Website-Baukasten; Anbieterinnen: Automattic Inc. (USA) \/ Aut O\u2019Mattic A8C Ireland Ltd. (Irland) f\u00fcr Nutzerinnen und Nutzer unter anderem in Europa; Angaben zum Datenschutz: <a href=\"https:\/\/automattic.com\/de\/privacy\/\" target=\"_blank\" rel=\"nofollow noopener noreferrer\">Datenschutzerkl\u00e4rung<\/a>, <a href=\"https:\/\/wordpress.com\/de\/support\/automattic-dsgvo\/\" target=\"_blank\" rel=\"nofollow noopener noreferrer\">\u00abAutomattic und die Datenschutz-Grundverordnung (DSGVO)\u00bb<\/a>, <a href=\"https:\/\/automattic.com\/cookies\/\" target=\"_blank\" rel=\"nofollow noopener noreferrer\">Cookie-Richtlinie<\/a>.<\/p>\n<p><strong>12.2 Automatisierung und Integration von Apps und Diensten<\/strong><\/p>\n<p>Wir nutzen spezialisierte Plattformen, um bestehende Apps und Dienste von Dritten zu integrierenund zu verbinden. Wir k\u00f6nnen mit solchen \u00abNo-Code\u00bb-Plattformen ausserdem Abl\u00e4ufeund T\u00e4tigkeiten mit Apps und Diensten von Dritten automatisieren.<\/p>\n<p>Wir nutzen insbesondere:<\/p>\n<p>\u2022 <a style=\"font-size: revert; font-family: var(--wp--preset--font-family--default); letter-spacing: var(--wp--custom--typography--letter-spacing--normal);\" href=\"https:\/\/powerautomate.microsoft.com\/de-ch\/\" target=\"_blank\" rel=\"noopener\"><strong>Microsof t Power Automate<\/strong><\/a> <span style=\"font-size: revert; color: var(--wp--preset--color--default); font-family: var(--wp--preset--font-family--default); letter-spacing: var(--wp--custom--typography--letter-spacing--normal);\">einschliesslich <\/span><a style=\"font-size: revert; font-family: var(--wp--preset--font-family--default); letter-spacing: var(--wp--custom--typography--letter-spacing--normal);\" href=\"https:\/\/powerplatform.microsoft.com\/de-ch\/\" target=\"_blank\" rel=\"noopener\"><strong>Microsof <\/strong><strong>t Power Platform:<\/strong><\/a><span style=\"font-size: revert; color: var(--wp--preset--color--default); font-family: var(--wp--preset--font-family--default); letter-spacing: var(--wp--custom--typography--letter-spacing--normal);\">Integrierte An- wendungs-Plattform; Anbieterin: Microsoft; Microsoft Power Platform-spezifische Angaben zum Datenschutz: <\/span><a style=\"font-size: revert; font-family: var(--wp--preset--font-family--default); letter-spacing: var(--wp--custom--typography--letter-spacing--normal);\" href=\"https:\/\/learn.microsoft.com\/de-de\/power-platform\/admin\/wp-compliance-data-privacy\" target=\"_blank\" rel=\"noopener\">\u00abKompatibilit\u00e4t und Datenschutz\u00bb<\/a><span style=\"font-size: revert; color: var(--wp--preset--color--default); font-family: var(--wp--preset--font-family--default); letter-spacing: var(--wp--custom--typography--letter-spacing--normal);\">, <\/span><a style=\"font-size: revert; font-family: var(--wp--preset--font-family--default); letter-spacing: var(--wp--custom--typography--letter-spacing--normal);\" href=\"https:\/\/learn.microsoft.com\/de-de\/power-platform\/admin\/security\/data-storage?source=recommendations\" target=\"_blank\" rel=\"noopener\">\u00abDatenspeicherung und Governance\u00bb<\/a><span style=\"font-size: revert; color: var(--wp--preset--color--default); font-family: var(--wp--preset--font-family--default); letter-spacing: var(--wp--custom--typography--letter-spacing--normal);\">, <\/span><a style=\"font-size: revert; font-family: var(--wp--preset--font-family--default); letter-spacing: var(--wp--custom--typography--letter-spacing--normal);\" href=\"https:\/\/learn.microsoft.com\/de-de\/power-platform\/admin\/security\/overview?source=recommendations\" target=\"_blank\" rel=\"noopener\">\u00abSicherheit\u00bb<\/a><span style=\"font-size: revert; color: var(--wp--preset--color--default); font-family: var(--wp--preset--font-family--default); letter-spacing: var(--wp--custom--typography--letter-spacing--normal);\">.<\/span><\/p>\n<div class=\"faq__text w-richtext\">\n<div class=\"faq__text w-richtext\">\n<p>\u2022 <a href=\"https:\/\/zapier.com\/\" target=\"_blank\" rel=\"noopener\"><strong>Zapier:<\/strong><\/a>Automatisierung und Integration von Apps und Diensten; Anbieterin: Zapier Inc. (USA); Angaben zum Datenschutz: <a href=\"https:\/\/zapier.com\/privacy\" target=\"_blank\" rel=\"noopener\">Datenschutzerkl\u00e4rung<\/a>, <a href=\"https:\/\/zapier.com\/help\/account\/data-management\/data-privacy-at-zapier\" target=\"_blank\" rel=\"noopener\">\u00abDatenschutz bei Zapier\u00bb (\u00abData<\/a> <a href=\"https:\/\/zapier.com\/help\/account\/data-management\/data-privacy-at-zapier\" target=\"_blank\" rel=\"noopener\">Privacy at Zapier\u00bb)<\/a>, <a href=\"https:\/\/zapier.com\/help\/account\/data-management\/data-privacy-security-faqs\" target=\"_blank\" rel=\"noopener\">\u00abFAQ zum Datenschutz und zur Datensicherheit\u00bb (\u00abData Privacy &amp; Se-<\/a> <a href=\"https:\/\/zapier.com\/help\/account\/data-management\/data-privacy-security-faqs\" target=\"_blank\" rel=\"noopener\">curity FAQ\u00bb)<\/a>, <a href=\"https:\/\/zapier.com\/help\/account\/data-management\/security-compliance-at-zapier\" target=\"_blank\" rel=\"noopener\">\u00abSicherheit und Compliance\u00bb (\u00abSecurity and Compliance\u00bb)<\/a>.<\/p>\n<p><strong>12.3 Online-Zusammenarbeit<\/strong><\/p>\n<p>Wir nutzen Dienste von Dritten, um die Online-Zusammenarbeit zu erm\u00f6glichen. Es gelten erg\u00e4nzendzu dieser Datenschutzerkl\u00e4rung jeweils auch allenfalls direkt ersichtliche Bedingungender genutzten Dienste wie beispielsweise Nutzungsbedingungen oder Datenschutzerkl\u00e4rungen.<\/p>\n<p>Wir nutzen insbesondere:<\/p>\n<p>\u2022 <a href=\"https:\/\/www.notion.so\/\" target=\"_blank\" rel=\"noopener\"><strong>Notion:<\/strong><\/a>Plattform f\u00fcr Team-Zusammenarbeit; Anbieterin: Notion Labs Inc. (USA); Angaben zum Datenschutz: <a href=\"https:\/\/www.notion.so\/Privacy-Policy-3468d120cf614d4c9014c09f6adc9091\" target=\"_blank\" rel=\"noopener\">Datenschutzerkl\u00e4rung<\/a>, <a href=\"https:\/\/www.notion.so\/security\" target=\"_blank\" rel=\"noopener\">\u00abSicherheit &amp; Datenschutz\u00bb (\u00abSecurity &amp; Priva-<\/a> <a href=\"https:\/\/www.notion.so\/security\" target=\"_blank\" rel=\"noopener\">cy\u00bb)<\/a>, <a href=\"https:\/\/www.notion.so\/Cookie-Notice-bc186044eed5488a8387a9e94b14e58c\" target=\"_blank\" rel=\"noopener\">Cookie-Richtlinie<\/a>.<\/p>\n<p>\u2022 <a href=\"https:\/\/www.microsoft.com\/de-ch\/microsoft-teams\/group-chat-software\/\" target=\"_blank\" rel=\"noopener\"><strong>Microsof t Teams:<\/strong><\/a>Plattform f\u00fcr die produktive Zusammenarbeit, insbesondere mit Audio- und Video-Konferenzen; Anbieterin: Microsoft; Teams-spezifische Angaben: <a href=\"https:\/\/learn.microsoft.com\/de-ch\/microsoftteams\/teams-privacy\" target=\"_blank\" rel=\"noopener\">\u00abDatenschutz<\/a> <a href=\"https:\/\/learn.microsoft.com\/de-ch\/microsoftteams\/teams-privacy\" target=\"_blank\" rel=\"noopener\">und Microsoft Teams\u00bb<\/a>.<\/p>\n<p><strong>12.4 Social Media-Funktionen und Social Media-Inhalte<\/strong><\/p>\n<p>Wir verwenden Dienste und Plugins von Dritten, um Funktionen und Inhalte von Social Media-Plattformen einbetten zu k\u00f6nnen sowie um das Teilen von Inhalten auf Social Media-Plattformen und auf anderen Wegen zu erm\u00f6glichen.<\/p>\n<p>Wir verwenden insbesondere:<\/p>\n<p>\u2022 <a href=\"https:\/\/developers.facebook.com\/products\/social-plugins\/\" target=\"_blank\" rel=\"noopener\"><strong>Facebook (Soziale Plugins):<\/strong><\/a>Einbetten von Facebook-Funktionen und Facebook-Inhalten, zum Beispiel \u00abGef\u00e4llt mir\u00bb (\u00abLike\u00bb) oder \u00abTeilen\u00bb (\u00abShare\u00bb); Anbieterinnen: Meta Platforms Ireland Limited (Irland) und <a href=\"https:\/\/www.facebook.com\/help\/111814505650678\" target=\"_blank\" rel=\"noopener\">weitere Meta-Unternehmen <\/a>(unter anderem in den USA); Anga- ben zum Datenschutz: <a href=\"https:\/\/www.facebook.com\/policy.php\" target=\"_blank\" rel=\"noopener\">Datenschutzerkl\u00e4rung<\/a>.<\/p>\n<\/div>\n<p>\u2022 <strong style=\"font-size: revert; color: var(--wp--preset--color--default); font-family: var(--wp--preset--font-family--default); letter-spacing: var(--wp--custom--typography--letter-spacing--normal);\"><a href=\"https:\/\/developers.facebook.com\/docs\/instagram\" target=\"_blank\" rel=\"nofollow noopener noreferrer\">Instagram-Plattform:<\/a><\/strong><span style=\"font-size: revert; color: var(--wp--preset--color--default); font-family: var(--wp--preset--font-family--default); letter-spacing: var(--wp--custom--typography--letter-spacing--normal);\"> Einbetten von Instagram-Inhalten; Anbieterinnen: Meta Platforms Ireland Limited (Irland) und <\/span><a style=\"font-size: revert; font-family: var(--wp--preset--font-family--default); letter-spacing: var(--wp--custom--typography--letter-spacing--normal);\" href=\"https:\/\/www.facebook.com\/help\/111814505650678\" target=\"_blank\" rel=\"nofollow noopener noreferrer\">weitere Meta-Unternehmen<\/a><span style=\"font-size: revert; color: var(--wp--preset--color--default); font-family: var(--wp--preset--font-family--default); letter-spacing: var(--wp--custom--typography--letter-spacing--normal);\"> (unter anderem in den USA); Angaben zum Datenschutz: <\/span><a style=\"font-size: revert; font-family: var(--wp--preset--font-family--default); letter-spacing: var(--wp--custom--typography--letter-spacing--normal);\" href=\"https:\/\/help.instagram.com\/519522125107875\" target=\"_blank\" rel=\"nofollow noopener noreferrer\">Datenschutzerkl\u00e4rung (Instagram)<\/a><span style=\"font-size: revert; color: var(--wp--preset--color--default); font-family: var(--wp--preset--font-family--default); letter-spacing: var(--wp--custom--typography--letter-spacing--normal);\">, <\/span><a style=\"font-size: revert; font-family: var(--wp--preset--font-family--default); letter-spacing: var(--wp--custom--typography--letter-spacing--normal);\">href=&#187;https:\/\/www.facebook.com\/policy.php&#187; target=&#187;_blank&#187; rel=&#187;nofollow noopener noreferrer&#187;&gt;Datenschutzerkl\u00e4rung (Facebook)<\/a><span style=\"font-size: revert; color: var(--wp--preset--color--default); font-family: var(--wp--preset--font-family--default); letter-spacing: var(--wp--custom--typography--letter-spacing--normal);\">.<\/span><\/p>\n<\/div>\n<p>\u2022\u00a0<a href=\"https:\/\/docs.microsoft.com\/linkedin\/consumer\/\" target=\"_blank\" rel=\"noopener\"><strong>LinkedIn Consumer Solutions Platform:<\/strong><\/a> Einbetten von Funktionen und Inhalten von LinkedIn, zum Beispiel mit <a href=\"https:\/\/developer.linkedin.com\/product-catalog\/plugins\" target=\"_blank\" rel=\"noopener\">Plugins <\/a>wie dem <a href=\"https:\/\/docs.microsoft.com\/linkedin\/consumer\/integrations\/self-serve\/plugins\/share-plugin\" target=\"_blank\" rel=\"noopener\">\u00abShare Plugin\u00bb<\/a>; Anbieterin: Microsoft; Linke- dIn-spezifische Angaben: <a href=\"https:\/\/privacy.linkedin.com\/\" target=\"_blank\" rel=\"noopener\">\u00abDatenschutz\u00bb (\u00abPrivacy\u00bb)<\/a>, <a href=\"https:\/\/www.linkedin.com\/legal\/privacy-policy\" target=\"_blank\" rel=\"noopener\">Datenschutzerkl\u00e4rung<\/a>, <a href=\"https:\/\/www.linkedin.com\/legal\/cookie-policy\" target=\"_blank\" rel=\"noopener\">Cookie-Richt-<\/a> <a href=\"https:\/\/www.linkedin.com\/legal\/cookie-policy\" target=\"_blank\" rel=\"noopener\">linie<\/a>, <a href=\"https:\/\/www.linkedin.com\/psettings\/guest-controls\" target=\"_blank\" rel=\"noopener\">Cookie-Verwaltung \/ Widerspruch gegen E-Mail und SMS-Kommunikation von Linke-<\/a> <a href=\"https:\/\/www.linkedin.com\/psettings\/guest-controls\" target=\"_blank\" rel=\"noopener\">dIn<\/a>, <a href=\"https:\/\/www.linkedin.com\/psettings\/guest-controls\/retargeting-opt-out\" target=\"_blank\" rel=\"noopener\">Widerspruch gegen interessenbezogene Werbung<\/a>.<\/p>\n<p>\u2022\u00a0<a href=\"https:\/\/developers.tiktok.com\/\" target=\"_blank\" rel=\"noopener\"><strong>TikTok (Social Plugins):<\/strong><\/a>Einbetten von Funktionen und Inhalten von TikTok, zum Beispiel<\/p>\n<p>\u00abShare to TikTok\u00bb; Anbieterinnen: TikTok Information Technologies UK Limited (Vereinig- tes K\u00f6nigreich) und TikTok Technology Limited (Irland) f\u00fcr Nutzerinnen und Nutzer im Eu- rop\u00e4ischen Wirtschaftsraum (EWR), im Vereinigten K\u00f6nigreich und in der Schweiz \/ Tik- Tok Inc. (USA) f\u00fcr Nutzerinnen und Nutzer in den USA \/ TikTok Pte. Ltd. (Singapur) f\u00fcr Nut- zerinnen und Nutzer im Rest der Welt; Angaben zum Datenschutz: <a href=\"https:\/\/www.tiktok.com\/legal\/privacy-policy-eea?lang=de\" target=\"_blank\" rel=\"noopener\">Datenschutzerkl\u00e4rung<\/a>, <a href=\"https:\/\/www.tiktok.com\/legal\/privacy-policy-for-younger-users\" target=\"_blank\" rel=\"noopener\">\u00abDatenschutzerkl\u00e4rung f\u00fcr j\u00fcngere Nutzerinnen und Nutzer\u00bb (\u00abPrivacy Policy for Youn-<\/a> <a href=\"https:\/\/www.tiktok.com\/legal\/privacy-policy-for-younger-users\" target=\"_blank\" rel=\"noopener\">ger Users\u00bb)<\/a>, <a href=\"https:\/\/www.tiktok.com\/legal\/cookie-policy?lang=de\" target=\"_blank\" rel=\"noopener\">Cookie-Richtlinie<\/a>, <a href=\"https:\/\/ads.tiktok.com\/i18n\/official\/policy\/privacy\" target=\"_blank\" rel=\"noopener\">\u00abDatenschutzerkl\u00e4rung und Cookie-Richtlinie f\u00fcr TikTok for<\/a> <a href=\"https:\/\/ads.tiktok.com\/i18n\/official\/policy\/privacy\" target=\"_blank\" rel=\"noopener\">Business\u00bb (\u00abTikTok for Business \u2013 Privacy and Cookie Policy\u00bb)<\/a>.<\/p>\n<div class=\"faq__text w-richtext\">\n<div class=\"faq__text w-richtext\">\n<p><strong>12.5 Kartenmaterial<\/strong><\/p>\n<p>Wir verwenden Dienste von Dritten, um Karten in unsere Website einbetten zu k\u00f6nnen.<\/p>\n<p>Wir verwenden insbesondere:<\/p>\n<p>\u2022 <strong><a href=\"https:\/\/www.google.com\/maps\" target=\"_blank\" rel=\"nofollow noopener noreferrer\">Google Maps<\/a><\/strong> einschliesslich <strong><a href=\"https:\/\/cloud.google.com\/maps-platform\" target=\"_blank\" rel=\"nofollow noopener noreferrer\">Google Maps Platform:<\/a><\/strong> Kartendienst; Anbieterin: Google; Google Maps-spezifische Angaben: <a href=\"https:\/\/policies.google.com\/technologies\/location-data?hl=de\" target=\"_blank\" rel=\"nofollow noopener noreferrer\">\u00abWie Google Standortinformationen verwendet\u00bb<\/a><\/p>\n<p><a href=\"http:\/\/MapTiler: Kartendienst; Anbieterin: MapTiler AG (Schweiz); Angaben zum Datenschutz: Datenschutzerkl\u00e4rung.\" data-wplink-url-error=\"true\">MapTiler:<\/a> Kartendienst; Anbieterin: MapTiler AG (Schweiz); Angaben zum Datenschutz:<br \/>Datenschutzerkl\u00e4rung.<\/p>\n<p><strong>12.6 Dokumente<\/strong><\/p>\n<p>Wir nutzen Dienste von Dritten, um Dokumente in unsere Website einbinden zu k\u00f6nnen. Solche Dokumente k\u00f6nnen PDF-Dateien, Pr\u00e4sentationen, Tabellen und Textdokumente umfassen. Wir k\u00f6nnen damit nicht nur das Betrachten, sondern auch das Bearbeiten oder Kommentieren solcher Dokumente erm\u00f6glichen.<\/p>\n<p>Wir nutzen insbesondere:<\/p>\n<\/div>\n<\/div>\n<p>\u2022 <a href=\"https:\/\/www.canva.com\/\" target=\"_blank\" rel=\"noopener\"><strong>Canva:<\/strong><\/a>Digitale Dokumente; Anbieterin: Canva Pty Ltd (Australien); Angaben zum Datenschutz: <a href=\"https:\/\/www.canva.com\/policies\/privacy-policy\/\" target=\"_blank\" rel=\"noopener\">Datenschutzerkl\u00e4rung<\/a>, <a href=\"https:\/\/www.canva.com\/trust\/\" target=\"_blank\" rel=\"noopener\">\u00abVertrauen\u00bb (\u00abTrust\u00bb)<\/a>, <a href=\"https:\/\/www.canva.com\/security\/\" target=\"_blank\" rel=\"noopener\">\u00abSicherheit bei Canva\u00bb (\u00abSecurity at<\/a> <a href=\"https:\/\/www.canva.com\/security\/\" target=\"_blank\" rel=\"noopener\">Canva\u00bb)<\/a>, <a href=\"https:\/\/www.canva.com\/policies\/cookies-policy\/\" target=\"_blank\" rel=\"noopener\">Cookie-Richtlinie<\/a>, <a href=\"https:\/\/www.canva.com\/policies\/\" target=\"_blank\" rel=\"noopener\">\u00abRichtlinien\u00bb (\u00abPolicies\u00bb)<\/a>.<\/p>\n<p>\u2022 <a href=\"https:\/\/www.google.com\/intl\/de\/docs\/about\/\" target=\"_blank\" rel=\"noopener\"><strong>Google Docs:<\/strong><\/a>Dokumente, Pr\u00e4sentationen und Tabellen; Anbieterin: Google; Google Docs- spezifische Angaben: <a href=\"https:\/\/support.google.com\/docs\/answer\/10381817?hl=de\" target=\"_blank\" rel=\"noopener\">\u00abDatenschutz in Google Docs, Google Tabellen und Google Pr\u00e4senta<\/a><a href=\"https:\/\/support.google.com\/docs\/answer\/10381817?hl=de\" target=\"_blank\" rel=\"noopener\">tionen\u00bb<\/a>.<\/p>\n<p>\u2022 <a href=\"https:\/\/www.microsoft.com\/de-ch\/microsoft-365\" target=\"_blank\" rel=\"noopener\"><strong>Microsof t 365 (auch Microsof t Office 365):<\/strong><\/a>Textdokumente, Pr\u00e4sentationen und Tabellen; Anbieterin: Microsoft; Microsoft 365-spezifische Angaben: <a href=\"https:\/\/www.microsoft.com\/de-de\/microsoft-365\/business\/data-security-privacy-germany\" target=\"_blank\" rel=\"noopener\">\u00abDatenschutz und Sicherheit mit<\/a> <a href=\"https:\/\/www.microsoft.com\/de-de\/microsoft-365\/business\/data-security-privacy-germany\" target=\"_blank\" rel=\"noopener\">Microsoft 365\u00bb<\/a>.<\/p>\n<p><strong>12.7 Zahlungen<\/strong><\/p>\n<p>Wir nutzen spezialisierte Dienstleister, um Zahlungen unserer Kundinnen und Kunden sicher und zuverl\u00e4ssig abwickeln zu k\u00f6nnen. F\u00fcr die Abwicklung von Zahlungen gelten erg\u00e4nzend die Rechtstexte der einzelnen Dienstleister wie Allgemeine Gesch\u00e4ftsbedingungen (AGB) oder Datenschutzerkl\u00e4rungen.<\/p>\n<p>Wir nutzen insbesondere:<\/p>\n<p>\u2022 <a href=\"https:\/\/www.payrexx.com\/de\/\" target=\"_blank\" rel=\"noopener\"><strong>Payrexx:<\/strong><\/a>Abwicklung von Zahlungen; Anbieterin: Payrexx AG (Schweiz); Angaben zum Da- tenschutz: <a href=\"https:\/\/www.payrexx.com\/de\/rechtliches\/\" target=\"_blank\" rel=\"noopener\">\u00abRichtlinien\u00bb einschliesslich Datenschutzerkl\u00e4rung<\/a>.<\/p>\n<\/div>\n<div class=\"faq__text w-richtext\">\n<p><strong>12.8 Werbung<\/strong><\/p>\n<p>Wir nutzen die M\u00f6glichkeit, gezielt <strong>Werbung bei Dritten <\/strong>wie beispielsweise Social Media- Plattformen und Suchmaschinen f\u00fcr unsere Aktivit\u00e4ten und T\u00e4tigkeiten anzeigen zu lassen.<\/p>\n<p>Wir m\u00f6chten mit solcher Werbung insbesondere Personen erreichen, die sich f\u00fcr unsere Aktivit\u00e4ten und T\u00e4tigkeiten bereits interessieren oder sich daf\u00fcr interessieren k\u00f6nnten (<strong>Remarketing <\/strong>und <strong>Targeting<\/strong>). Daf\u00fcr k\u00f6nnen wir entsprechende \u2013 allenfalls auch personenbezogene \u2013 Angaben an Dritte, die solche Werbung erm\u00f6glichen, \u00fcbermitteln. Wir k\u00f6nnen ausserdem fest- stellen, ob unsere Werbung erfolgreich ist, das heisst insbesondere, ob sie zu Besuchen auf unserer Website f\u00fchrt <strong>(Conversion Tracking)<\/strong>.<\/p>\n<p>Dritte, bei denen wir werben und bei denen Sie als Nutzerin oder Nutzer angemeldet sind, k\u00f6nnen die Nutzung unserer Website allenfalls Ihrem dortigen Profil zuordnen.<\/p>\n<p>Wir nutzen insbesondere:<\/p>\n<p>\u2022 <a href=\"https:\/\/www.facebook.com\/business\/ads\" target=\"_blank\" rel=\"noopener\"><strong>Facebook-Werbung (Facebook Ads):<\/strong><\/a> Social Media-Werbung; Anbieterinnen: Meta Plat- forms Ireland Limited (Irland) und <a href=\"https:\/\/www.facebook.com\/help\/111814505650678\" target=\"_blank\" rel=\"noopener\">weitere Meta-Unternehmen <\/a>(unter anderem in den USA); Angaben zum Datenschutz: Remarketing und Targeting insbesondere mit dem <strong>Facebook- Pixel <\/strong>sowie <strong>Custom Audiences <\/strong>einschliesslich <strong>Lookalike Audiences<\/strong>, <a href=\"https:\/\/www.facebook.com\/policy.php\" target=\"_blank\" rel=\"noopener\">Datenschutzerkl\u00e4-<\/a> <a href=\"https:\/\/www.facebook.com\/policy.php\" target=\"_blank\" rel=\"noopener\">rung<\/a>, <a href=\"https:\/\/www.facebook.com\/ads\/preferences\" target=\"_blank\" rel=\"noopener\">\u00abWerbepr\u00e4ferenzen\u00bb <\/a>(Anmeldung als Nutzerin oder Nutzer erforderlich).<\/p>\n<p>\u2022 <a href=\"https:\/\/ads.google.com\/intl\/de_de\/home\/\" target=\"_blank\" rel=\"noopener\"><strong>Google Ads:<\/strong><\/a>Suchmaschinen-Werbung; Anbieterin: Google; Google Ads-spezifische Anga- ben: Werbung unter anderem aufgrund von Suchanfragen, wobei verschiedene Domainna- men \u2013 insbesondere doubleclick.net, googleadservices.com und googlesyndication.com \u2013 f\u00fcr Google Ads verwendet werden, <a href=\"https:\/\/policies.google.com\/technologies\/ads?hl=de\" target=\"_blank\" rel=\"noopener\">\u00abWerbung\u00bb (Google)<\/a>, <a href=\"https:\/\/support.google.com\/ads\/answer\/1634057?hl=de\" target=\"_blank\" rel=\"noopener\">\u00abEingeblendete Werbung direkt \u00fcber<\/a> <a href=\"https:\/\/support.google.com\/ads\/answer\/1634057?hl=de\" target=\"_blank\" rel=\"noopener\">Anzeigen verwalten\u00bb (\u00abControl the ads you see when you see them\u00bb)<\/a>.<\/p>\n<p>\u2022 <a href=\"https:\/\/business.instagram.com\/advertising\/\" target=\"_blank\" rel=\"noopener\"><strong>Instagram Ads:<\/strong><\/a>Social Media-Werbung; Anbieterinnen: Meta Platforms Ireland Limited (Ir- land) und <a href=\"https:\/\/www.facebook.com\/help\/111814505650678\" target=\"_blank\" rel=\"noopener\">weitere Meta-Unternehmen<\/a> (unter anderem in den USA); Angaben zum Daten- schutz: Remarketing und Targeting insbesondere mit <strong>Facebook-Pixel <\/strong>sowie <strong>Custom Au- diences <\/strong>einschliesslich <strong>Lookalike Audiences<\/strong>, <a href=\"https:\/\/help.instagram.com\/519522125107875\" target=\"_blank\" rel=\"noopener\">Datenschutzerkl\u00e4rung (Instagram)<\/a>, <a href=\"https:\/\/www.facebook.com\/policy.php\" target=\"_blank\" rel=\"noopener\">Daten-<\/a> <a href=\"https:\/\/www.facebook.com\/policy.php\" target=\"_blank\" rel=\"noopener\">schutzerkl\u00e4rung (Facebook)<\/a>, <a href=\"https:\/\/www.instagram.com\/accounts\/access_tool\/ads_interests\" target=\"_blank\" rel=\"noopener\">\u00abWerbepr\u00e4ferenzen\u00bb (Instagram) <\/a>(Anmeldung als Nutzerin oder Nutzer erforderlich), <a href=\"https:\/\/www.facebook.com\/ads\/preferences\" target=\"_blank\" rel=\"noopener\">\u00abWerbepr\u00e4ferenzen\u00bb (Facebook) <\/a>(Anmeldung als Nutzerin oder Nutzer erforderlich).<\/p>\n<p>\u2022 <a href=\"https:\/\/business.linkedin.com\/marketing-solutions\/ads\" target=\"_blank\" rel=\"noopener\"><strong>LinkedIn Ads:<\/strong><\/a>Social Media-Werbung; Anbieterinnen: LinkedIn Corporation (USA) \/ Linke- dIn Ireland Unlimited Company (Irland); Angaben zum Datenschutz: Remarketing und Tar- geting insbesondere mit dem <strong>LinkedIn Insight Tag<\/strong>, <a href=\"https:\/\/privacy.linkedin.com\/\" target=\"_blank\" rel=\"noopener\">\u00abDatenschutz\u00bb<\/a>, <a href=\"https:\/\/www.linkedin.com\/legal\/privacy-policy\" target=\"_blank\" rel=\"noopener\">Datenschutzerkl\u00e4rung<\/a>, <a href=\"https:\/\/www.linkedin.com\/legal\/cookie-policy\" target=\"_blank\" rel=\"noopener\">Cookie-Richtlinie<\/a>, <a href=\"https:\/\/www.linkedin.com\/psettings\/guest-controls\/retargeting-opt-out\" target=\"_blank\" rel=\"noopener\">Widerspruch gegen personalisierte Werbung<\/a>.<\/p>\n<p>\u2022 <a href=\"https:\/\/about.ads.microsoft.com\/de-ch\/\" target=\"_blank\" rel=\"noopener\"><strong>Microsof t Advertising:<\/strong><\/a>Suchmaschinen-Werbung bei Bing, DuckDuckGo und Yahoo!; An- bieterin: Microsoft; Microsoft Advertising-spezifische Angaben: <a href=\"https:\/\/about.ads.microsoft.com\/de-de\/ressourcen\/richtlinien\/privacy-policy\" target=\"_blank\" rel=\"noopener\">\u00abMicrosof t Advertising-Da-<\/a> <a href=\"https:\/\/about.ads.microsoft.com\/de-de\/ressourcen\/richtlinien\/privacy-policy\" target=\"_blank\" rel=\"noopener\">tenschutzrichtlinien\u00bb<\/a>, <a href=\"https:\/\/about.ads.microsoft.com\/de-de\/policies\/legal-privacy-and-security\" target=\"_blank\" rel=\"noopener\">\u00abMicrosof t Advertising-Richtlinien: Rechtliches, Datenschutz und Si-<\/a> <a href=\"https:\/\/about.ads.microsoft.com\/de-de\/policies\/legal-privacy-and-security\" target=\"_blank\" rel=\"noopener\">cherheit\u00bb<\/a>, <a href=\"https:\/\/account.microsoft.com\/privacy\/ad-settings\/\" target=\"_blank\" rel=\"noopener\">\u00abEinstellungen f\u00fcr Werbung\u00bb (Widerspruch gegen personalisierte Werbung)<\/a>.<\/p>\n<p>\u2022 <a href=\"https:\/\/ads.tiktok.com\/\" target=\"_blank\" rel=\"noopener\"><strong>TikTok Ads:<\/strong><\/a>Social Media-Werbung; Anbieterinnen: TikTok Information Technologies UK Limited (Vereinigtes K\u00f6nigreich) und TikTok Technology Limited (Irland) f\u00fcr Nutzerinnen und Nutzer im Europ\u00e4ischen Wirtschaftsraum (EWR), im Vereinigten K\u00f6nigreich und in der Schweiz \/ TikTok (USA) f\u00fcr Nutzerinnen und Nutzer in den USA \/ TikTok Pte. Ltd. (Sin- gapur) f\u00fcr Nutzerinnen und Nutzer im Rest der Welt; Angaben zum Datenschutz: Remar- keting und Targeting insbesondere mit dem <a href=\"https:\/\/ads.tiktok.com\/help\/article?aid=9663\" target=\"_blank\" rel=\"noopener\"><strong>TikTok-Pixel<\/strong><\/a>, <a href=\"https:\/\/www.tiktok.com\/legal\/privacy-policy-eea?lang=de\" target=\"_blank\" rel=\"noopener\">Datenschutzerkl\u00e4rung<\/a>, <a href=\"https:\/\/www.tiktok.com\/legal\/privacy-policy-for-younger-users\" target=\"_blank\" rel=\"noopener\">\u00abDaten-<\/a> <a href=\"https:\/\/www.tiktok.com\/legal\/privacy-policy-for-younger-users\" target=\"_blank\" rel=\"noopener\">schutzerkl\u00e4rung f\u00fcr j\u00fcngere Nutzerinnen und Nutzer\u00bb (\u00abPrivacy Policy for Younger Users\u00bb)<\/a>, <a href=\"https:\/\/www.tiktok.com\/legal\/cookie-policy?lang=de\" target=\"_blank\" rel=\"noopener\">Cookie-Richtlinie<\/a>, <a href=\"https:\/\/ads.tiktok.com\/i18n\/official\/policy\/privacy\" target=\"_blank\" rel=\"noopener\">\u00abDatenschutzerkl\u00e4rung und Cookie-Richtlinie f\u00fcr TikTok for Business\u00bb<\/a> <a href=\"https:\/\/ads.tiktok.com\/i18n\/official\/policy\/privacy\" target=\"_blank\" rel=\"noopener\">(\u00abTikTok for Business \u2013 Privacy and Cookie Policy\u00bb)<\/a>.<\/p>\n<h2>13. Erfolgs- und Reichweitenmessung<\/h2>\n<p>Wir versuchen zu ermitteln, wie unser Online-Angebot genutzt wird. In diesem Rahmen k\u00f6n- nen wir beispielsweise den Erfolg und die Reichweite unserer Aktivit\u00e4ten und T\u00e4tigkeiten so- wie die Wirkung von Verlinkungen Dritter auf unsere Website messen. Wir k\u00f6nnen aber bei- spielsweise auch ausprobieren und vergleichen, wie unterschiedliche Teile oder Versionen un- seres Online-Angebotes genutzt werden (\u00abA\/B-Test\u00bb-Methode). Aufgrund der Ergebnisse der Erfolgs- und Reichweitenmessung k\u00f6nnen wir insbesondere Fehler beheben, beliebte Inhalte st\u00e4rken oder Verbesserungen an unserem Online-Angebot vornehmen.<\/p>\n<p>F\u00fcr die Erfolgs- und Reichweitenmessung werden in den meisten F\u00e4llen die <a href=\"https:\/\/de.wikipedia.org\/wiki\/IP-Adresse\" target=\"_blank\" rel=\"noopener\">IP-Adressen <\/a>von einzelnen Nutzerinnen und Nutzern gespeichert. IP-Adressen werden in diesem Fall <em>grunds\u00e4tz- lich <\/em>gek\u00fcrzt (\u00abIP-Masking\u00bb), um durch die entsprechende Pseudonymisierung dem Grundsatz der Datensparsamkeit zu folgen.<\/p>\n<p>Bei der Erfolgs- und Reichweitenmessung k\u00f6nnen Cookies zum Einsatz kommen und Nutzer- profile erstellt werden. Allenfalls erstellte Nutzerprofile umfassen beispielsweise die besuchten einzelnen Seiten oder betrachteten Inhalte auf unserer Website, Angaben zur Gr\u00f6sse von Bild- schirm oder Browser-Fenster und den \u2013 zumindest ungef\u00e4hren \u2013 Standort. <em>Grunds\u00e4tzlich <\/em>wer- den allf\u00e4llige Nutzerprofile ausschliesslich pseudonymisiert erstellt und nicht f\u00fcr die Identifi- zierung einzelner Nutzerinnen und Nutzer verwendet. Einzelne Dienste von Dritten, bei denen Nutzerinnen oder Nutzer angemeldet sind, k\u00f6nnen die Nutzung unseres Online-Angebotes al- lenfalls dem Nutzerkonto oder Nutzerprofil beim jeweiligen Dienst zuordnen.<\/p>\n<p>Wir nutzen insbesondere:<\/p>\n<p>\u2022 <a href=\"https:\/\/analytics.google.com\/\" target=\"_blank\" rel=\"noopener\"><strong>Google Analytics:<\/strong><\/a> Erfolgs- und Reichweitenmessung; Anbieterin: Google; Google Ana- lytics-spezifische Angaben: Messung auch \u00fcber verschiedene Browser und Ger\u00e4te hinweg <strong>(Cross-Device Tracking) <\/strong>sowie mit pseudonymisierten IP-Adressen, die nur <em>ausnahmsweise <\/em>vollst\u00e4ndig an Google in den USA \u00fcbertragen werden, <a href=\"https:\/\/support.google.com\/analytics\/answer\/6004245\" target=\"_blank\" rel=\"noopener\">\u00abDatenschutz\u00bb<\/a>, <a href=\"https:\/\/tools.google.com\/dlpage\/gaoptout\" target=\"_blank\" rel=\"noopener\">\u00abBrowser Add-on<\/a> <a href=\"https:\/\/tools.google.com\/dlpage\/gaoptout\" target=\"_blank\" rel=\"noopener\">zur Deaktivierung von Google Analytics\u00bb<\/a>.<\/p>\n<p>\u2022 <a href=\"https:\/\/marketingplatform.google.com\/about\/tag-manager\/\" target=\"_blank\" rel=\"noopener\"><strong>Google Tag Manager:<\/strong><\/a>Einbindung und Verwaltung von sonstigen Diensten f\u00fcr die Erfolgs- und Reichweitenmessung sowie weiteren Diensten von Google als auch von Dritten; Anbieterin: Google; Google Tag Manager-spezifische Angaben: <a href=\"https:\/\/support.google.com\/tagmanager\/answer\/9323295?hl=de\" target=\"_blank\" rel=\"noopener\">\u00abMit Google Tag Manager erfass<\/a><a href=\"https:\/\/support.google.com\/tagmanager\/answer\/9323295?hl=de\" target=\"_blank\" rel=\"noopener\">te Daten\u00bb<\/a>; weitere Angaben zum Datenschutz finden sich bei den einzelnen eingebundenen und verwalteten Diensten.<\/p>\n<h2>14. Schlussbestimmungen<\/h2>\n<p>Wir haben diese Datenschutzerkl\u00e4rung mit dem <a href=\"https:\/\/www.datenschutzpartner.ch\/angebot-datenschutz-generator\/\" target=\"_blank\" rel=\"noopener\">Datenschutz-Generator <\/a>von <a href=\"https:\/\/datenschutzpartner.ch\/\" target=\"_blank\" rel=\"noopener\">Datenschutzpart<\/a><a href=\"https:\/\/datenschutzpartner.ch\/\" target=\"_blank\" rel=\"noopener\">ner <\/a>erstellt.<\/p>\n<p>Wir k\u00f6nnen diese Datenschutzerkl\u00e4rung jederzeit anpassen und erg\u00e4nzen. Wir werden \u00fcber solche Anpassungen und Erg\u00e4nzungen in geeigneter Form informieren, insbesondere durch Ver\u00f6ffentlichung der jeweils aktuellen Datenschutzerkl\u00e4rung auf unserer Website.<\/p>\n<\/div>\n<\/div>","protected":false},"excerpt":{"rendered":"<p>Privacy policy With this privacy policy, we provide information on which personal data we process in connection with our activities and operations, including our luya.bio website.... <\/p>","protected":false},"author":31,"featured_media":0,"parent":0,"menu_order":0,"comment_status":"closed","ping_status":"closed","template":"","meta":{"_acf_changed":false,"footnotes":""},"class_list":["post-3","page","type-page","status-publish","hentry"],"acf":[],"_links":{"self":[{"href":"https:\/\/luya.bio\/en\/wp-json\/wp\/v2\/pages\/3","targetHints":{"allow":["GET"]}}],"collection":[{"href":"https:\/\/luya.bio\/en\/wp-json\/wp\/v2\/pages"}],"about":[{"href":"https:\/\/luya.bio\/en\/wp-json\/wp\/v2\/types\/page"}],"author":[{"embeddable":true,"href":"https:\/\/luya.bio\/en\/wp-json\/wp\/v2\/users\/31"}],"replies":[{"embeddable":true,"href":"https:\/\/luya.bio\/en\/wp-json\/wp\/v2\/comments?post=3"}],"version-history":[{"count":70,"href":"https:\/\/luya.bio\/en\/wp-json\/wp\/v2\/pages\/3\/revisions"}],"predecessor-version":[{"id":4844,"href":"https:\/\/luya.bio\/en\/wp-json\/wp\/v2\/pages\/3\/revisions\/4844"}],"wp:attachment":[{"href":"https:\/\/luya.bio\/en\/wp-json\/wp\/v2\/media?parent=3"}],"curies":[{"name":"wp","href":"https:\/\/api.w.org\/{rel}","templated":true}]}}